{"id":18,"date":"2018-01-06T20:05:38","date_gmt":"2018-01-06T20:05:38","guid":{"rendered":"http:\/\/jagdverband-nauen.de\/?page_id=18"},"modified":"2018-01-12T14:26:43","modified_gmt":"2018-01-12T14:26:43","slug":"verbandstaetigkeit","status":"publish","type":"page","link":"https:\/\/jagdverband-nauen.de\/?page_id=18","title":{"rendered":"Verbandst\u00e4tigkeit"},"content":{"rendered":"<div class=\"pt-cv-wrapper\"><div class=\"pt-cv-view pt-cv-grid pt-cv-colsys\" id=\"pt-cv-view-d109f94tg2\"><div data-id=\"pt-cv-page-1\" class=\"pt-cv-page\" data-cvc=\"2\"><div class=\"col-md-6 col-sm-6 col-xs-12 pt-cv-content-item pt-cv-1-col\" ><div class='pt-cv-ifield'><a href=\"https:\/\/jagdverband-nauen.de\/?p=262\" class=\"_self pt-cv-href-thumbnail pt-cv-thumb-default\" target=\"_self\" ><img loading=\"lazy\" decoding=\"async\" width=\"300\" height=\"150\" src=\"https:\/\/jagdverband-nauen.de\/wp-content\/uploads\/2018\/04\/Vom-Treckerreifen-bis-zum-Hausmuell_big_teaser_article-300x150.jpg\" class=\"pt-cv-thumbnail\" alt=\"\" srcset=\"https:\/\/jagdverband-nauen.de\/wp-content\/uploads\/2018\/04\/Vom-Treckerreifen-bis-zum-Hausmuell_big_teaser_article-300x150.jpg 300w, https:\/\/jagdverband-nauen.de\/wp-content\/uploads\/2018\/04\/Vom-Treckerreifen-bis-zum-Hausmuell_big_teaser_article.jpg 760w\" sizes=\"auto, (max-width: 300px) 100vw, 300px\" \/><\/a>\n<h4 class=\"pt-cv-title\"><a href=\"https:\/\/jagdverband-nauen.de\/?p=262\" class=\"_self\" target=\"_self\" >M\u00fcllaktion 2018 &#8211; Vom Treckerreifen bis zum Hausm\u00fcll<\/a><\/h4>\n<div class=\"pt-cv-content\">Quelle: Tanja M. Marotzke - MAZ Online - M\u00fcll, wohin das Auge schaut. Auch Landes- und Kreispolitiker wie Barbara Richstein ...<br \/><div class=\"pt-cv-rmwrap\"><a href=\"https:\/\/jagdverband-nauen.de\/?p=262\" class=\"_self pt-cv-readmore btn btn-success\" target=\"_self\">Weiterlesen \u2026<\/a><\/div><\/div><\/div><\/div>\n<div class=\"col-md-6 col-sm-6 col-xs-12 pt-cv-content-item pt-cv-1-col\" ><div class='pt-cv-ifield'><a href=\"https:\/\/jagdverband-nauen.de\/?p=241\" class=\"_self pt-cv-href-thumbnail pt-cv-thumb-default\" target=\"_self\" ><img loading=\"lazy\" decoding=\"async\" width=\"300\" height=\"201\" src=\"https:\/\/jagdverband-nauen.de\/wp-content\/uploads\/2018\/03\/Mitgliederversammlung_10.03-5-1-300x201.jpg\" class=\"pt-cv-thumbnail\" alt=\"\" srcset=\"https:\/\/jagdverband-nauen.de\/wp-content\/uploads\/2018\/03\/Mitgliederversammlung_10.03-5-1-300x200.jpg 300w, https:\/\/jagdverband-nauen.de\/wp-content\/uploads\/2018\/03\/Mitgliederversammlung_10.03-5-1-768x516.jpg 768w, https:\/\/jagdverband-nauen.de\/wp-content\/uploads\/2018\/03\/Mitgliederversammlung_10.03-5-1-1024x687.jpg 1024w, https:\/\/jagdverband-nauen.de\/wp-content\/uploads\/2018\/03\/Mitgliederversammlung_10.03-5-1-420x280.jpg 420w\" sizes=\"auto, (max-width: 300px) 100vw, 300px\" \/><\/a>\n<h4 class=\"pt-cv-title\"><a href=\"https:\/\/jagdverband-nauen.de\/?p=241\" class=\"_self\" target=\"_self\" >Mitgliederversammlung am 10.03.2018 im Schloss Ribbeck<\/a><\/h4>\n<div class=\"pt-cv-content\">Am Sa. den 10.03.2018 f\u00fchrte der JV Nauen seine Mitgliederversammlung im Schloss Ribbeck durch. Dem Aufruf zu der gelungenen Veranstaltung ...<br \/><div class=\"pt-cv-rmwrap\"><a href=\"https:\/\/jagdverband-nauen.de\/?p=241\" class=\"_self pt-cv-readmore btn btn-success\" target=\"_self\">Weiterlesen \u2026<\/a><\/div><\/div><\/div><\/div>\n<div class=\"col-md-6 col-sm-6 col-xs-12 pt-cv-content-item pt-cv-1-col\" ><div class='pt-cv-ifield'><a href=\"https:\/\/jagdverband-nauen.de\/?p=62\" class=\"_self pt-cv-href-thumbnail pt-cv-thumb-default\" target=\"_self\" ><img loading=\"lazy\" decoding=\"async\" width=\"300\" height=\"225\" src=\"https:\/\/jagdverband-nauen.de\/wp-content\/uploads\/2018\/01\/Stammtisch2-300x225.jpg\" class=\"pt-cv-thumbnail\" alt=\"\" srcset=\"https:\/\/jagdverband-nauen.de\/wp-content\/uploads\/2018\/01\/Stammtisch2-300x225.jpg 300w, https:\/\/jagdverband-nauen.de\/wp-content\/uploads\/2018\/01\/Stammtisch2-100x75.jpg 100w, https:\/\/jagdverband-nauen.de\/wp-content\/uploads\/2018\/01\/Stammtisch2.jpg 640w\" sizes=\"auto, (max-width: 300px) 100vw, 300px\" \/><\/a>\n<h4 class=\"pt-cv-title\"><a href=\"https:\/\/jagdverband-nauen.de\/?p=62\" class=\"_self\" target=\"_self\" >J\u00e4gerstammtisch<\/a><\/h4>\n<div class=\"pt-cv-content\">2. des JV Nauen Mit ca. 35 Mitglieder war der Stammtisch des JV Nauen am 30. September 2017 gut besucht ...<br \/><div class=\"pt-cv-rmwrap\"><a href=\"https:\/\/jagdverband-nauen.de\/?p=62\" class=\"_self pt-cv-readmore btn btn-success\" target=\"_self\">Weiterlesen \u2026<\/a><\/div><\/div><\/div><\/div>\n<div class=\"col-md-6 col-sm-6 col-xs-12 pt-cv-content-item pt-cv-1-col\" ><div class='pt-cv-ifield'><a href=\"https:\/\/jagdverband-nauen.de\/?p=101\" class=\"_self pt-cv-href-thumbnail pt-cv-thumb-default\" target=\"_self\" ><img loading=\"lazy\" decoding=\"async\" width=\"300\" height=\"201\" src=\"https:\/\/jagdverband-nauen.de\/wp-content\/uploads\/2017\/03\/DSC_0557-300x201.jpg\" class=\"pt-cv-thumbnail\" alt=\"\" srcset=\"https:\/\/jagdverband-nauen.de\/wp-content\/uploads\/2017\/03\/DSC_0557-300x200.jpg 300w, https:\/\/jagdverband-nauen.de\/wp-content\/uploads\/2017\/03\/DSC_0557-768x516.jpg 768w, https:\/\/jagdverband-nauen.de\/wp-content\/uploads\/2017\/03\/DSC_0557-1024x688.jpg 1024w, https:\/\/jagdverband-nauen.de\/wp-content\/uploads\/2017\/03\/DSC_0557-420x280.jpg 420w, https:\/\/jagdverband-nauen.de\/wp-content\/uploads\/2017\/03\/DSC_0557.jpg 2027w\" sizes=\"auto, (max-width: 300px) 100vw, 300px\" \/><\/a>\n<h4 class=\"pt-cv-title\"><a href=\"https:\/\/jagdverband-nauen.de\/?p=101\" class=\"_self\" target=\"_self\" >Podiumsdiskussion zu Thema &#8222;Gro\u00dfwild und W\u00f6lfe vom 24.02.2017 in Rathenow<\/a><\/h4>\n<div class=\"pt-cv-content\">Rathenower Erkl\u00e4rung\u201c, der Jagdverb\u00e4nde Rathenow und Nauen im Ergebnis der Podiumsdiskussion zu Thema \"Gro\u00dfwild und W\u00f6lfe vom 24.02.2017 in Rathenow ...<br \/><div class=\"pt-cv-rmwrap\"><a href=\"https:\/\/jagdverband-nauen.de\/?p=101\" class=\"_self pt-cv-readmore btn btn-success\" target=\"_self\">Weiterlesen \u2026<\/a><\/div><\/div><\/div><\/div>\n<div class=\"col-md-6 col-sm-6 col-xs-12 pt-cv-content-item pt-cv-1-col\" ><div class='pt-cv-ifield'><a href=\"https:\/\/jagdverband-nauen.de\/?p=69\" class=\"_self pt-cv-href-thumbnail pt-cv-thumb-default\" target=\"_self\" ><img loading=\"lazy\" decoding=\"async\" width=\"300\" height=\"272\" src=\"https:\/\/jagdverband-nauen.de\/wp-content\/uploads\/2018\/01\/MAZ-Artikel-2017-03-11-300x272.jpg\" class=\"pt-cv-thumbnail\" alt=\"\" srcset=\"https:\/\/jagdverband-nauen.de\/wp-content\/uploads\/2018\/01\/MAZ-Artikel-2017-03-11-300x272.jpg 300w, https:\/\/jagdverband-nauen.de\/wp-content\/uploads\/2018\/01\/MAZ-Artikel-2017-03-11-768x696.jpg 768w, https:\/\/jagdverband-nauen.de\/wp-content\/uploads\/2018\/01\/MAZ-Artikel-2017-03-11.jpg 840w\" sizes=\"auto, (max-width: 300px) 100vw, 300px\" \/><\/a>\n<h4 class=\"pt-cv-title\"><a href=\"https:\/\/jagdverband-nauen.de\/?p=69\" class=\"_self\" target=\"_self\" >MAZ Beitrag zur Mitgliederversammlung<\/a><\/h4>\n<div class=\"pt-cv-content\"> ...<br \/><div class=\"pt-cv-rmwrap\"><a href=\"https:\/\/jagdverband-nauen.de\/?p=69\" class=\"_self pt-cv-readmore btn btn-success\" target=\"_self\">Weiterlesen \u2026<\/a><\/div><\/div><\/div><\/div>\n<div class=\"col-md-6 col-sm-6 col-xs-12 pt-cv-content-item pt-cv-1-col\" ><div class='pt-cv-ifield'><a href=\"https:\/\/jagdverband-nauen.de\/?p=167\" class=\"_self pt-cv-href-thumbnail pt-cv-thumb-default\" target=\"_self\" ><img loading=\"lazy\" decoding=\"async\" width=\"300\" height=\"104\" src=\"https:\/\/jagdverband-nauen.de\/wp-content\/uploads\/2018\/01\/img40-300x104.jpg\" class=\"pt-cv-thumbnail\" alt=\"\" srcset=\"https:\/\/jagdverband-nauen.de\/wp-content\/uploads\/2018\/01\/img40-300x104.jpg 300w, https:\/\/jagdverband-nauen.de\/wp-content\/uploads\/2018\/01\/img40-768x266.jpg 768w, https:\/\/jagdverband-nauen.de\/wp-content\/uploads\/2018\/01\/img40-1024x355.jpg 1024w, https:\/\/jagdverband-nauen.de\/wp-content\/uploads\/2018\/01\/img40.jpg 1150w\" sizes=\"auto, (max-width: 300px) 100vw, 300px\" \/><\/a>\n<h4 class=\"pt-cv-title\"><a href=\"https:\/\/jagdverband-nauen.de\/?p=167\" class=\"_self\" target=\"_self\" >Stammtisch 2016 des JV Nauen<\/a><\/h4>\n<div class=\"pt-cv-content\">In einem herbstlich und jagdlich sch\u00f6n geschm\u00fcckten Raum der Oberf\u00f6rsterei Brieselang fand am 22.10.2016 der 1. Stammtisch des JV Nauen ...<br \/><div class=\"pt-cv-rmwrap\"><a href=\"https:\/\/jagdverband-nauen.de\/?p=167\" class=\"_self pt-cv-readmore btn btn-success\" target=\"_self\">Weiterlesen \u2026<\/a><\/div><\/div><\/div><\/div>\n<div class=\"col-md-6 col-sm-6 col-xs-12 pt-cv-content-item pt-cv-1-col\" ><div class='pt-cv-ifield'><a href=\"https:\/\/jagdverband-nauen.de\/?p=172\" class=\"_self pt-cv-href-thumbnail pt-cv-thumb-default\" target=\"_self\" ><img loading=\"lazy\" decoding=\"async\" width=\"300\" height=\"201\" src=\"https:\/\/jagdverband-nauen.de\/wp-content\/uploads\/2017\/03\/DSC_0029-300x201.jpg\" class=\"pt-cv-thumbnail\" alt=\"\" srcset=\"https:\/\/jagdverband-nauen.de\/wp-content\/uploads\/2017\/03\/DSC_0029-300x200.jpg 300w, https:\/\/jagdverband-nauen.de\/wp-content\/uploads\/2017\/03\/DSC_0029-768x516.jpg 768w, https:\/\/jagdverband-nauen.de\/wp-content\/uploads\/2017\/03\/DSC_0029-1024x687.jpg 1024w, https:\/\/jagdverband-nauen.de\/wp-content\/uploads\/2017\/03\/DSC_0029-420x280.jpg 420w, https:\/\/jagdverband-nauen.de\/wp-content\/uploads\/2017\/03\/DSC_0029.jpg 1448w\" sizes=\"auto, (max-width: 300px) 100vw, 300px\" \/><\/a>\n<h4 class=\"pt-cv-title\"><a href=\"https:\/\/jagdverband-nauen.de\/?p=172\" class=\"_self\" target=\"_self\" >Aktion &#8222;Kitzrettung&#8220; der &#8222;Jungen J\u00e4ger&#8220;<\/a><\/h4>\n<div class=\"pt-cv-content\">Aktion \"Kitzrettung\" der \"Jungen J\u00e4ger\" des JVB Nauen mit den ersten bis vierten Klassen des Leonardo-da-Vinci-Campus Nauen http:\/\/www.maz-online.de\/Lokales\/Havelland\/Jagdverband-und-Schueler-suchten-gemeinsam-Wiesen-in-Berge-ab ...<br \/><div class=\"pt-cv-rmwrap\"><a href=\"https:\/\/jagdverband-nauen.de\/?p=172\" class=\"_self pt-cv-readmore btn btn-success\" target=\"_self\">Weiterlesen \u2026<\/a><\/div><\/div><\/div><\/div><\/div><\/div><\/div>\n","protected":false},"excerpt":{"rendered":"","protected":false},"author":1,"featured_media":0,"parent":0,"menu_order":0,"comment_status":"closed","ping_status":"closed","template":"","meta":{"footnotes":""},"class_list":["post-18","page","type-page","status-publish","hentry"],"_links":{"self":[{"href":"https:\/\/jagdverband-nauen.de\/index.php?rest_route=\/wp\/v2\/pages\/18","targetHints":{"allow":["GET"]}}],"collection":[{"href":"https:\/\/jagdverband-nauen.de\/index.php?rest_route=\/wp\/v2\/pages"}],"about":[{"href":"https:\/\/jagdverband-nauen.de\/index.php?rest_route=\/wp\/v2\/types\/page"}],"author":[{"embeddable":true,"href":"https:\/\/jagdverband-nauen.de\/index.php?rest_route=\/wp\/v2\/users\/1"}],"replies":[{"embeddable":true,"href":"https:\/\/jagdverband-nauen.de\/index.php?rest_route=%2Fwp%2Fv2%2Fcomments&post=18"}],"version-history":[{"count":2,"href":"https:\/\/jagdverband-nauen.de\/index.php?rest_route=\/wp\/v2\/pages\/18\/revisions"}],"predecessor-version":[{"id":216,"href":"https:\/\/jagdverband-nauen.de\/index.php?rest_route=\/wp\/v2\/pages\/18\/revisions\/216"}],"wp:attachment":[{"href":"https:\/\/jagdverband-nauen.de\/index.php?rest_route=%2Fwp%2Fv2%2Fmedia&parent=18"}],"curies":[{"name":"wp","href":"https:\/\/api.w.org\/{rel}","templated":true}]}}